{"version":"1.0","provider_name":"die-wetterversicherung.de","provider_url":"https:\/\/die-wetterversicherung.de\/blog","author_name":"admin","author_url":"https:\/\/die-wetterversicherung.de\/blog\/author\/admin\/","title":"Sturmtief Christian: Wer zahlt die Sch\u00e4den? - die-wetterversicherung.de","type":"rich","width":600,"height":338,"html":"<blockquote class=\"wp-embedded-content\" data-secret=\"eeRvvvTjZr\"><a href=\"https:\/\/die-wetterversicherung.de\/blog\/sturmtief-christian-wer-zahlt-die-schaeden\/\">Sturmtief Christian: Wer zahlt die Sch\u00e4den?<\/a><\/blockquote><iframe sandbox=\"allow-scripts\" security=\"restricted\" src=\"https:\/\/die-wetterversicherung.de\/blog\/sturmtief-christian-wer-zahlt-die-schaeden\/embed\/#?secret=eeRvvvTjZr\" width=\"600\" height=\"338\" title=\"&#8222;Sturmtief Christian: Wer zahlt die Sch\u00e4den?&#8220; &#8211; die-wetterversicherung.de\" data-secret=\"eeRvvvTjZr\" frameborder=\"0\" marginwidth=\"0\" marginheight=\"0\" scrolling=\"no\" class=\"wp-embedded-content\"><\/iframe><script type=\"text\/javascript\">\n\/* <![CDATA[ *\/\n\/*! This file is auto-generated *\/\n!function(d,l){\"use strict\";l.querySelector&&d.addEventListener&&\"undefined\"!=typeof URL&&(d.wp=d.wp||{},d.wp.receiveEmbedMessage||(d.wp.receiveEmbedMessage=function(e){var t=e.data;if((t||t.secret||t.message||t.value)&&!\/[^a-zA-Z0-9]\/.test(t.secret)){for(var s,r,n,a=l.querySelectorAll('iframe[data-secret=\"'+t.secret+'\"]'),o=l.querySelectorAll('blockquote[data-secret=\"'+t.secret+'\"]'),c=new RegExp(\"^https?:$\",\"i\"),i=0;i<o.length;i++)o[i].style.display=\"none\";for(i=0;i<a.length;i++)s=a[i],e.source===s.contentWindow&&(s.removeAttribute(\"style\"),\"height\"===t.message?(1e3<(r=parseInt(t.value,10))?r=1e3:~~r<200&&(r=200),s.height=r):\"link\"===t.message&&(r=new URL(s.getAttribute(\"src\")),n=new URL(t.value),c.test(n.protocol))&&n.host===r.host&&l.activeElement===s&&(d.top.location.href=t.value))}},d.addEventListener(\"message\",d.wp.receiveEmbedMessage,!1),l.addEventListener(\"DOMContentLoaded\",function(){for(var e,t,s=l.querySelectorAll(\"iframe.wp-embedded-content\"),r=0;r<s.length;r++)(t=(e=s[r]).getAttribute(\"data-secret\"))||(t=Math.random().toString(36).substring(2,12),e.src+=\"#?secret=\"+t,e.setAttribute(\"data-secret\",t)),e.contentWindow.postMessage({message:\"ready\",secret:t},\"*\")},!1)))}(window,document);\n\/\/# sourceURL=https:\/\/die-wetterversicherung.de\/blog\/wp-includes\/js\/wp-embed.min.js\n\/* ]]> *\/\n<\/script>\n","thumbnail_url":"https:\/\/die-wetterversicherung.de\/blog\/wp-content\/uploads\/2013\/10\/schaden1.jpg","thumbnail_width":434,"thumbnail_height":276,"description":"In den vergangenen Tagen erreichten uns Horrorbilder aus dem Norden der Bundesrepublik \u00fcber die Medien. Das Tief, das Meteorologen lapidar \u201eChristian\u201c tauften, brachte die heftigsten St\u00fcrme seit 14 Jahren nach Deutschland. Die Nordfriesen sind Sturm gewohnt, doch was da \u00fcber die K\u00fcstenregionen fegte, bereitete sogar den wetterresistenten Nordlichtern Angst. Auf der Ferieninsel Sylt wurden Windgeschwindigkeiten &hellip; Weiterlesen"}